{"id":5407,"date":"2026-02-23T22:44:52","date_gmt":"2026-02-23T21:44:52","guid":{"rendered":"https:\/\/www.amft.at\/?post_type=event&#038;p=5407"},"modified":"2026-02-25T11:40:52","modified_gmt":"2026-02-25T10:40:52","slug":"glasstec","status":"publish","type":"event","link":"https:\/\/www.amft.at\/en\/event\/glasstec\/","title":{"rendered":"glasstec"},"content":{"rendered":"<p><div class=\"fusion-fullwidth fullwidth-box fusion-builder-row-1 fusion-flex-container has-pattern-background has-mask-background nonhundred-percent-fullwidth non-hundred-percent-height-scrolling\" style=\"--awb-border-radius-top-left:0px;--awb-border-radius-top-right:0px;--awb-border-radius-bottom-right:0px;--awb-border-radius-bottom-left:0px;--awb-padding-top:50px;--awb-padding-right:50px;--awb-padding-bottom:50px;--awb-padding-left:50px;--awb-background-image:linear-gradient(180deg, var(--awb-color5) 0%,var(--awb-color5) 100%);--awb-flex-wrap:wrap;\" ><div class=\"fusion-builder-row fusion-row fusion-flex-align-items-flex-start fusion-flex-content-wrap\" style=\"max-width:1664px;margin-left: calc(-4% \/ 2 );margin-right: calc(-4% \/ 2 );\"><div class=\"fusion-layout-column fusion_builder_column fusion-builder-column-0 fusion_builder_column_1_1 1_1 fusion-flex-column\" style=\"--awb-padding-top:30px;--awb-padding-right:40px;--awb-padding-bottom:30px;--awb-padding-left:40px;--awb-bg-color:var(--awb-color1);--awb-bg-color-hover:var(--awb-color1);--awb-bg-size:cover;--awb-width-large:100%;--awb-margin-top-large:0px;--awb-spacing-right-large:1.92%;--awb-margin-bottom-large:0px;--awb-spacing-left-large:1.92%;--awb-width-medium:100%;--awb-order-medium:0;--awb-spacing-right-medium:1.92%;--awb-spacing-left-medium:1.92%;--awb-width-small:100%;--awb-order-small:0;--awb-spacing-right-small:1.92%;--awb-spacing-left-small:1.92%;\"><div class=\"fusion-column-wrapper fusion-column-has-shadow fusion-flex-justify-content-flex-start fusion-content-layout-column\"><div class=\"fusion-builder-row fusion-builder-row-inner fusion-row fusion-flex-align-items-flex-start fusion-flex-content-wrap\" style=\"width:104% !important;max-width:104% !important;margin-left: calc(-4% \/ 2 );margin-right: calc(-4% \/ 2 );\"><div class=\"fusion-layout-column fusion_builder_column_inner fusion-builder-nested-column-0 fusion_builder_column_inner_3_4 3_4 fusion-flex-column\" style=\"--awb-bg-size:cover;--awb-width-large:75%;--awb-margin-top-large:0px;--awb-spacing-right-large:2.56%;--awb-margin-bottom-large:0px;--awb-spacing-left-large:2.56%;--awb-width-medium:75%;--awb-order-medium:0;--awb-spacing-right-medium:2.56%;--awb-spacing-left-medium:2.56%;--awb-width-small:100%;--awb-order-small:0;--awb-spacing-right-small:1.92%;--awb-spacing-left-small:1.92%;\"><div class=\"fusion-column-wrapper fusion-column-has-shadow fusion-flex-justify-content-flex-start fusion-content-layout-column\"><div class=\"fusion-title title fusion-title-1 fusion-sep-none fusion-title-text fusion-title-size-one\"><h1 class=\"fusion-title-heading title-heading-left fusion-responsive-typography-calculated\" style=\"margin:0;--fontSize:54;line-height:1.16;\">glasstec<\/h1><\/div><div class=\"fusion-text fusion-text-1\"><p class=\" kilo \">Die Weltleitmesse der Glasbranche<\/p>\n<\/div><div ><a class=\"fusion-button button-flat fusion-button-default-size button-default fusion-button-default button-1 fusion-button-default-span fusion-button-default-type\" target=\"_self\" href=\"https:\/\/www.glasstec.de\"><span class=\"fusion-button-text awb-button__text awb-button__text--default\">Weitere Informationen<\/span><\/a><\/div><\/div><\/div><div class=\"fusion-layout-column fusion_builder_column_inner fusion-builder-nested-column-1 fusion_builder_column_inner_1_4 1_4 fusion-flex-column fusion-flex-align-self-stretch\" style=\"--awb-bg-image:url(&#039;https:\/\/www.amft.at\/wp-content\/uploads\/2026\/02\/glasstec-messe.jpg&#039;);--awb-bg-position:right top;--awb-bg-size:contain;--awb-width-large:25%;--awb-margin-top-large:0px;--awb-spacing-right-large:7.68%;--awb-margin-bottom-large:0px;--awb-spacing-left-large:0%;--awb-width-medium:25%;--awb-order-medium:0;--awb-spacing-right-medium:7.68%;--awb-spacing-left-medium:0%;--awb-width-small:100%;--awb-order-small:0;--awb-spacing-right-small:1.92%;--awb-spacing-left-small:1.92%;\" data-scroll-devices=\"small-visibility,medium-visibility,large-visibility\"><div class=\"fusion-column-wrapper fusion-column-has-shadow fusion-flex-justify-content-flex-start fusion-content-layout-column fusion-empty-column-bg-image fusion-column-has-bg-image\" data-bg-url=\"https:\/\/www.amft.at\/wp-content\/uploads\/2026\/02\/glasstec-messe.jpg\"><img decoding=\"async\" class=\"fusion-empty-dims-img-placeholder\" aria-label=\"glasstec-messe\" src=\"data:image\/svg+xml,%3Csvg%20xmlns%3D%27http%3A%2F%2Fwww.w3.org%2F2000%2Fsvg%27%20width%3D%27377%27%20height%3D%27134%27%20viewBox%3D%270%200%20377%20134%27%3E%3Crect%20width%3D%27377%27%20height%3D%27134%27%20fill-opacity%3D%220%22%2F%3E%3C%2Fsvg%3E\"><\/div><\/div><\/div><\/div><\/div><\/div><\/div><div class=\"fusion-fullwidth fullwidth-box fusion-builder-row-2 fusion-flex-container has-pattern-background has-mask-background nonhundred-percent-fullwidth non-hundred-percent-height-scrolling\" style=\"--awb-border-radius-top-left:0px;--awb-border-radius-top-right:0px;--awb-border-radius-bottom-right:0px;--awb-border-radius-bottom-left:0px;--awb-padding-top:50px;--awb-padding-right:50px;--awb-padding-bottom:50px;--awb-padding-left:50px;--awb-background-image:linear-gradient(180deg, var(--awb-color1) 0%,var(--awb-color1) 100%);--awb-flex-wrap:wrap;\" ><div class=\"fusion-builder-row fusion-row fusion-flex-align-items-flex-start fusion-flex-content-wrap\" style=\"max-width:1664px;margin-left: calc(-4% \/ 2 );margin-right: calc(-4% \/ 2 );\"><div class=\"fusion-layout-column fusion_builder_column fusion-builder-column-1 fusion_builder_column_1_1 1_1 fusion-flex-column\" style=\"--awb-padding-top:30px;--awb-padding-right:40px;--awb-padding-bottom:30px;--awb-padding-left:40px;--awb-bg-color:var(--awb-color1);--awb-bg-color-hover:var(--awb-color1);--awb-bg-size:cover;--awb-width-large:100%;--awb-margin-top-large:0px;--awb-spacing-right-large:1.92%;--awb-margin-bottom-large:0px;--awb-spacing-left-large:1.92%;--awb-width-medium:100%;--awb-order-medium:0;--awb-spacing-right-medium:1.92%;--awb-spacing-left-medium:1.92%;--awb-width-small:100%;--awb-order-small:0;--awb-spacing-right-small:1.92%;--awb-spacing-left-small:1.92%;\"><div class=\"fusion-column-wrapper fusion-column-has-shadow fusion-flex-justify-content-flex-start fusion-content-layout-column\"><div class=\"fusion-title title fusion-title-2 fusion-sep-none fusion-title-text fusion-title-size-two\"><h2 class=\"fusion-title-heading title-heading-left fusion-responsive-typography-calculated\" style=\"margin:0;--fontSize:34;line-height:1.2;\"><\/h2><\/div><div class=\"fusion-text fusion-text-2 fusion-text-no-margin text-900\" style=\"--awb-text-color:var(--awb-color6);--awb-margin-bottom:5px;\"><p>20. bis 23. Oktober 2026<\/p>\n<\/div>\n<div class=\"fusion-text fusion-text-3\"><p>Die glasstec ist der zentrale Treffpunkt der internationalen Glasbranche. Hier erleben Aussteller und Besucher Innovationen &#8220;made of glass&#8221; und erhalten Einblicke in die wichtigsten Zukunftstrends. Als Weltleitmesse setzt die glasstec Ma\u00dfst\u00e4be in Technologie, M\u00e4rkten und Gesch\u00e4ftsmodellen und bietet die einzigartige Kombination aus hochkar\u00e4tiger Fachmesse und wegweisender Konferenz.<\/p>\n<\/div><\/div><\/div><\/div><\/div><div class=\"fusion-fullwidth fullwidth-box fusion-builder-row-3 fusion-flex-container has-pattern-background has-mask-background nonhundred-percent-fullwidth non-hundred-percent-height-scrolling\" style=\"--awb-border-radius-top-left:0px;--awb-border-radius-top-right:0px;--awb-border-radius-bottom-right:0px;--awb-border-radius-bottom-left:0px;--awb-padding-top:50px;--awb-padding-right:50px;--awb-padding-bottom:50px;--awb-padding-left:50px;--awb-background-image:linear-gradient(180deg, var(--awb-color5) 0%,var(--awb-color5) 100%);--awb-flex-wrap:wrap;\" ><div class=\"fusion-builder-row fusion-row fusion-flex-align-items-flex-start fusion-flex-content-wrap\" style=\"max-width:1664px;margin-left: calc(-4% \/ 2 );margin-right: calc(-4% \/ 2 );\"><div class=\"fusion-layout-column fusion_builder_column fusion-builder-column-2 fusion_builder_column_1_1 1_1 fusion-flex-column project-gallery\" style=\"--awb-padding-top:30px;--awb-padding-right:40px;--awb-padding-bottom:30px;--awb-padding-left:40px;--awb-bg-color:var(--awb-color1);--awb-bg-color-hover:var(--awb-color1);--awb-bg-size:cover;--awb-width-large:100%;--awb-margin-top-large:0px;--awb-spacing-right-large:1.92%;--awb-margin-bottom-large:0px;--awb-spacing-left-large:1.92%;--awb-width-medium:100%;--awb-order-medium:0;--awb-spacing-right-medium:1.92%;--awb-spacing-left-medium:1.92%;--awb-width-small:100%;--awb-order-small:0;--awb-spacing-right-small:1.92%;--awb-spacing-left-small:1.92%;\"><div class=\"fusion-column-wrapper fusion-column-has-shadow fusion-flex-justify-content-flex-start fusion-content-layout-column\"><div class=\"fusion-title title fusion-title-3 fusion-sep-none fusion-title-center fusion-title-text fusion-title-size-two\"><h2 class=\"fusion-title-heading title-heading-center fusion-responsive-typography-calculated\" style=\"margin:0;text-transform:uppercase;--fontSize:34;line-height:1.2;\">weitere themen aus dem metallbau<\/h2><\/div>\n\n    <div class=\"swiper swiper-924658812\">\n        <div class=\"swiper-wrapper\">\n                    <\/div>\n    <\/div>\n    <div class=\"swiper-button-prev swiper-button-prev-924658812\"><\/div>\n    <div class=\"swiper-button-next swiper-button-next-924658812\"><\/div>\n    <div class=\"swiper-scrollbar swiper-scrollbar-924658812\"><\/div>\n\n\n\n<script>\n    const swiper924658812 = new Swiper('.swiper-924658812', {\n        \/\/ Optional parameters\n        slidesPerView: 1,\n        spaceBetween: 30,\n        direction: 'horizontal',\n        loop: false,\n\n\n        \/\/ Navigation arrows\n        navigation: {\n            nextEl: '.swiper-button-next-924658812',\n            prevEl: '.swiper-button-prev-924658812',\n        },\n\n        \/\/ And if we need scrollbar\n        scrollbar: {\n            el: '.swiper-scrollbar-924658812',\n            draggable: true\n        },\n        breakpoints: {\n            768: {\n                slidesPerView: 2.5\n            },\n            1200: {\n                slidesPerView: 4.5\n            }\n        }\n    });\n<\/script>\n<div style=\"text-align:center;\"><a class=\"fusion-button button-flat fusion-button-default-size button-custom fusion-button-default button-2 fusion-button-default-span fusion-button-default-type\" style=\"--button_accent_color:#ffffff;--button_accent_hover_color:#ffffff;--button_border_hover_color:#ffffff;--button_gradient_top_color:var(--awb-color2);--button_gradient_bottom_color:var(--awb-color2);--button_gradient_top_color_hover:var(--awb-color4);--button_gradient_bottom_color_hover:var(--awb-color4);\" target=\"_self\" href=\"https:\/\/www.amft.at\/aktuelle-themen\/\"><span class=\"fusion-button-text awb-button__text awb-button__text--default\">Zu allen Beitr\u00e4gen<\/span><\/a><\/div><\/div><\/div><\/div><\/div><\/p>\n","protected":false},"featured_media":5408,"template":"","event_series":[108],"class_list":["post-5407","event","type-event","status-publish","has-post-thumbnail","hentry","event_series-events-aus-der-branche"],"acf":[],"yoast_head":"<!-- This site is optimized with the Yoast SEO plugin v25.3 - https:\/\/yoast.com\/wordpress\/plugins\/seo\/ -->\n<title>glasstec - AMFT<\/title>\n<meta name=\"robots\" content=\"noindex, follow\" \/>\n<meta property=\"og:locale\" content=\"en_US\" \/>\n<meta property=\"og:type\" content=\"article\" \/>\n<meta property=\"og:title\" content=\"glasstec - AMFT\" \/>\n<meta property=\"og:url\" content=\"https:\/\/www.amft.at\/event\/glasstec\/\" \/>\n<meta property=\"og:site_name\" content=\"AMFT\" \/>\n<meta property=\"article:modified_time\" content=\"2026-02-25T10:40:52+00:00\" \/>\n<meta property=\"og:image\" content=\"https:\/\/www.amft.at\/wp-content\/uploads\/2026\/02\/glasstec-messe.jpg\" \/>\n\t<meta property=\"og:image:width\" content=\"377\" \/>\n\t<meta property=\"og:image:height\" content=\"134\" \/>\n\t<meta property=\"og:image:type\" content=\"image\/jpeg\" \/>\n<script type=\"application\/ld+json\" class=\"yoast-schema-graph\">{\"@context\":\"https:\/\/schema.org\",\"@graph\":[{\"@type\":\"WebPage\",\"@id\":\"https:\/\/www.amft.at\/event\/glasstec\/\",\"url\":\"https:\/\/www.amft.at\/event\/glasstec\/\",\"name\":\"glasstec - AMFT\",\"isPartOf\":{\"@id\":\"https:\/\/www.amft.at\/#website\"},\"primaryImageOfPage\":{\"@id\":\"https:\/\/www.amft.at\/event\/glasstec\/#primaryimage\"},\"image\":{\"@id\":\"https:\/\/www.amft.at\/event\/glasstec\/#primaryimage\"},\"thumbnailUrl\":\"https:\/\/www.amft.at\/wp-content\/uploads\/2026\/02\/glasstec-messe.jpg\",\"datePublished\":\"2026-02-23T21:44:52+00:00\",\"dateModified\":\"2026-02-25T10:40:52+00:00\",\"breadcrumb\":{\"@id\":\"https:\/\/www.amft.at\/event\/glasstec\/#breadcrumb\"},\"inLanguage\":\"en-US\",\"potentialAction\":[{\"@type\":\"ReadAction\",\"target\":[\"https:\/\/www.amft.at\/event\/glasstec\/\"]}]},{\"@type\":\"ImageObject\",\"inLanguage\":\"en-US\",\"@id\":\"https:\/\/www.amft.at\/event\/glasstec\/#primaryimage\",\"url\":\"https:\/\/www.amft.at\/wp-content\/uploads\/2026\/02\/glasstec-messe.jpg\",\"contentUrl\":\"https:\/\/www.amft.at\/wp-content\/uploads\/2026\/02\/glasstec-messe.jpg\",\"width\":377,\"height\":134},{\"@type\":\"BreadcrumbList\",\"@id\":\"https:\/\/www.amft.at\/event\/glasstec\/#breadcrumb\",\"itemListElement\":[{\"@type\":\"ListItem\",\"position\":1,\"name\":\"Startseite\",\"item\":\"https:\/\/www.amft.at\/en\/\"},{\"@type\":\"ListItem\",\"position\":2,\"name\":\"glasstec\"}]},{\"@type\":\"WebSite\",\"@id\":\"https:\/\/www.amft.at\/#website\",\"url\":\"https:\/\/www.amft.at\/\",\"name\":\"AMFT\",\"description\":\"\",\"publisher\":{\"@id\":\"https:\/\/www.amft.at\/#organization\"},\"potentialAction\":[{\"@type\":\"SearchAction\",\"target\":{\"@type\":\"EntryPoint\",\"urlTemplate\":\"https:\/\/www.amft.at\/?s={search_term_string}\"},\"query-input\":{\"@type\":\"PropertyValueSpecification\",\"valueRequired\":true,\"valueName\":\"search_term_string\"}}],\"inLanguage\":\"en-US\"},{\"@type\":\"Organization\",\"@id\":\"https:\/\/www.amft.at\/#organization\",\"name\":\"AMFT\",\"url\":\"https:\/\/www.amft.at\/\",\"logo\":{\"@type\":\"ImageObject\",\"inLanguage\":\"en-US\",\"@id\":\"https:\/\/www.amft.at\/#\/schema\/logo\/image\/\",\"url\":\"https:\/\/www.amft.at\/wp-content\/uploads\/2025\/04\/AMFT-Main-Open-Graph.jpg\",\"contentUrl\":\"https:\/\/www.amft.at\/wp-content\/uploads\/2025\/04\/AMFT-Main-Open-Graph.jpg\",\"width\":1201,\"height\":657,\"caption\":\"AMFT\"},\"image\":{\"@id\":\"https:\/\/www.amft.at\/#\/schema\/logo\/image\/\"}}]}<\/script>\n<!-- \/ Yoast SEO plugin. -->","yoast_head_json":{"title":"glasstec - AMFT","robots":{"index":"noindex","follow":"follow"},"og_locale":"en_US","og_type":"article","og_title":"glasstec - AMFT","og_url":"https:\/\/www.amft.at\/event\/glasstec\/","og_site_name":"AMFT","article_modified_time":"2026-02-25T10:40:52+00:00","og_image":[{"width":377,"height":134,"url":"https:\/\/www.amft.at\/wp-content\/uploads\/2026\/02\/glasstec-messe.jpg","type":"image\/jpeg"}],"schema":{"@context":"https:\/\/schema.org","@graph":[{"@type":"WebPage","@id":"https:\/\/www.amft.at\/event\/glasstec\/","url":"https:\/\/www.amft.at\/event\/glasstec\/","name":"glasstec - AMFT","isPartOf":{"@id":"https:\/\/www.amft.at\/#website"},"primaryImageOfPage":{"@id":"https:\/\/www.amft.at\/event\/glasstec\/#primaryimage"},"image":{"@id":"https:\/\/www.amft.at\/event\/glasstec\/#primaryimage"},"thumbnailUrl":"https:\/\/www.amft.at\/wp-content\/uploads\/2026\/02\/glasstec-messe.jpg","datePublished":"2026-02-23T21:44:52+00:00","dateModified":"2026-02-25T10:40:52+00:00","breadcrumb":{"@id":"https:\/\/www.amft.at\/event\/glasstec\/#breadcrumb"},"inLanguage":"en-US","potentialAction":[{"@type":"ReadAction","target":["https:\/\/www.amft.at\/event\/glasstec\/"]}]},{"@type":"ImageObject","inLanguage":"en-US","@id":"https:\/\/www.amft.at\/event\/glasstec\/#primaryimage","url":"https:\/\/www.amft.at\/wp-content\/uploads\/2026\/02\/glasstec-messe.jpg","contentUrl":"https:\/\/www.amft.at\/wp-content\/uploads\/2026\/02\/glasstec-messe.jpg","width":377,"height":134},{"@type":"BreadcrumbList","@id":"https:\/\/www.amft.at\/event\/glasstec\/#breadcrumb","itemListElement":[{"@type":"ListItem","position":1,"name":"Startseite","item":"https:\/\/www.amft.at\/en\/"},{"@type":"ListItem","position":2,"name":"glasstec"}]},{"@type":"WebSite","@id":"https:\/\/www.amft.at\/#website","url":"https:\/\/www.amft.at\/","name":"AMFT","description":"","publisher":{"@id":"https:\/\/www.amft.at\/#organization"},"potentialAction":[{"@type":"SearchAction","target":{"@type":"EntryPoint","urlTemplate":"https:\/\/www.amft.at\/?s={search_term_string}"},"query-input":{"@type":"PropertyValueSpecification","valueRequired":true,"valueName":"search_term_string"}}],"inLanguage":"en-US"},{"@type":"Organization","@id":"https:\/\/www.amft.at\/#organization","name":"AMFT","url":"https:\/\/www.amft.at\/","logo":{"@type":"ImageObject","inLanguage":"en-US","@id":"https:\/\/www.amft.at\/#\/schema\/logo\/image\/","url":"https:\/\/www.amft.at\/wp-content\/uploads\/2025\/04\/AMFT-Main-Open-Graph.jpg","contentUrl":"https:\/\/www.amft.at\/wp-content\/uploads\/2025\/04\/AMFT-Main-Open-Graph.jpg","width":1201,"height":657,"caption":"AMFT"},"image":{"@id":"https:\/\/www.amft.at\/#\/schema\/logo\/image\/"}}]}},"_links":{"self":[{"href":"https:\/\/www.amft.at\/en\/wp-json\/wp\/v2\/event\/5407","targetHints":{"allow":["GET"]}}],"collection":[{"href":"https:\/\/www.amft.at\/en\/wp-json\/wp\/v2\/event"}],"about":[{"href":"https:\/\/www.amft.at\/en\/wp-json\/wp\/v2\/types\/event"}],"version-history":[{"count":5,"href":"https:\/\/www.amft.at\/en\/wp-json\/wp\/v2\/event\/5407\/revisions"}],"predecessor-version":[{"id":5436,"href":"https:\/\/www.amft.at\/en\/wp-json\/wp\/v2\/event\/5407\/revisions\/5436"}],"wp:featuredmedia":[{"embeddable":true,"href":"https:\/\/www.amft.at\/en\/wp-json\/wp\/v2\/media\/5408"}],"wp:attachment":[{"href":"https:\/\/www.amft.at\/en\/wp-json\/wp\/v2\/media?parent=5407"}],"wp:term":[{"taxonomy":"event_series","embeddable":true,"href":"https:\/\/www.amft.at\/en\/wp-json\/wp\/v2\/event_series?post=5407"}],"curies":[{"name":"wp","href":"https:\/\/api.w.org\/{rel}","templated":true}]}}